{"id":230,"date":"2022-01-17T18:17:34","date_gmt":"2022-01-17T17:17:34","guid":{"rendered":"https:\/\/www.canquim.es\/?page_id=230"},"modified":"2024-11-09T17:57:07","modified_gmt":"2024-11-09T16:57:07","slug":"botiga","status":"publish","type":"page","link":"https:\/\/www.canquim.es\/ca\/tienda\/","title":{"rendered":"Botiga"},"content":{"rendered":"<div data-elementor-type=\"wp-page\" data-elementor-id=\"230\" class=\"elementor elementor-230\" data-elementor-post-type=\"page\">\n\t\t\t\t\t\t<section class=\"elementor-section elementor-top-section elementor-element elementor-element-b0648e3 elementor-section-full_width elementor-section-height-default elementor-section-height-default\" data-id=\"b0648e3\" data-element_type=\"section\" data-e-type=\"section\">\n\t\t\t\t\t\t<div class=\"elementor-container elementor-column-gap-no\">\n\t\t\t\t\t<div class=\"elementor-column elementor-col-100 elementor-top-column elementor-element elementor-element-63a7736\" data-id=\"63a7736\" data-element_type=\"column\" data-e-type=\"column\">\n\t\t\t<div class=\"elementor-widget-wrap elementor-element-populated\">\n\t\t\t\t\t\t<div class=\"elementor-element elementor-element-d028165 elementor-widget elementor-widget-heading\" data-id=\"d028165\" data-element_type=\"widget\" data-e-type=\"widget\" data-widget_type=\"heading.default\">\n\t\t\t\t\t<h2 class=\"elementor-heading-title elementor-size-default\">Benvingut al nostre rac\u00f3 gurmet!<\/h2>\t\t\t\t<\/div>\n\t\t\t\t<div class=\"elementor-element elementor-element-1dae3ac elementor-widget elementor-widget-text-editor\" data-id=\"1dae3ac\" data-element_type=\"widget\" data-e-type=\"widget\" data-widget_type=\"text-editor.default\">\n\t\t\t\t\t\t\t\t\t<p>Som aut\u00e8ntics <strong>cheese lovers<\/strong>. Nom\u00e9s aqu\u00ed trobar\u00e0s la varietat m\u00e9s gran de formatges, nacionals i internacionals. Deixa que t&#039;assessorem!<br \/>Tamb\u00e9 embotits, productes delicatessen i\u2026 la nostra secci\u00f3 celler!<\/p><p>T&#039;expliquem com maridar bons vins amb formatges millors.<\/p><p>I, per a ocasions especials\u2026 la teva safata a mida!<\/p>\t\t\t\t\t\t\t\t<\/div>\n\t\t\t\t<div class=\"elementor-element elementor-element-67f1603 elementor-widget elementor-widget-heading\" data-id=\"67f1603\" data-element_type=\"widget\" data-e-type=\"widget\" data-widget_type=\"heading.default\">\n\t\t\t\t\t<h3 class=\"elementor-heading-title elementor-size-default\">T&#039;esperem a Can Quim...<\/h3>\t\t\t\t<\/div>\n\t\t\t\t\t<\/div>\n\t\t<\/div>\n\t\t\t\t\t<\/div>\n\t\t<\/section>\n\t\t\t\t<\/div>","protected":false},"excerpt":{"rendered":"<p>\u00a1Bienvenido a nuestro rinc\u00f3n gourmet! Somos aut\u00e9nticos cheese\u00a0lovers. Solo aqu\u00ed encontrar\u00e1s la mayor variedad de quesos, nacionales e internacionales. \u00a1Deja que te asesoremos!Tambi\u00e9n embutidos, productos delicatessen y\u2026 \u00a1nuestra secci\u00f3n bodega! Te explicamos c\u00f3mo maridar buenos vinos con mejores quesos. Y, para ocasiones especiales\u2026 \u00a1tu bandeja a medida! Te esperamos en Can Quim&#8230;<\/p>","protected":false},"author":1,"featured_media":1679,"parent":0,"menu_order":0,"comment_status":"closed","ping_status":"closed","template":"templates\/page-fullwidth_template.php","meta":{"footnotes":""},"class_list":["post-230","page","type-page","status-publish","has-post-thumbnail","hentry"],"_links":{"self":[{"href":"https:\/\/www.canquim.es\/ca\/wp-json\/wp\/v2\/pages\/230","targetHints":{"allow":["GET"]}}],"collection":[{"href":"https:\/\/www.canquim.es\/ca\/wp-json\/wp\/v2\/pages"}],"about":[{"href":"https:\/\/www.canquim.es\/ca\/wp-json\/wp\/v2\/types\/page"}],"author":[{"embeddable":true,"href":"https:\/\/www.canquim.es\/ca\/wp-json\/wp\/v2\/users\/1"}],"replies":[{"embeddable":true,"href":"https:\/\/www.canquim.es\/ca\/wp-json\/wp\/v2\/comments?post=230"}],"version-history":[{"count":0,"href":"https:\/\/www.canquim.es\/ca\/wp-json\/wp\/v2\/pages\/230\/revisions"}],"wp:featuredmedia":[{"embeddable":true,"href":"https:\/\/www.canquim.es\/ca\/wp-json\/wp\/v2\/media\/1679"}],"wp:attachment":[{"href":"https:\/\/www.canquim.es\/ca\/wp-json\/wp\/v2\/media?parent=230"}],"curies":[{"name":"wp","href":"https:\/\/api.w.org\/{rel}","templated":true}]}}